{"id":3235,"date":"2024-03-18T00:43:06","date_gmt":"2024-03-18T00:43:06","guid":{"rendered":"https:\/\/tzionlibreria.com\/?post_type=product&#038;p=3235"},"modified":"2025-06-16T02:04:41","modified_gmt":"2025-06-16T02:04:41","slug":"radical-volvamos-a-las-raices-de-la-fe-david-platt","status":"publish","type":"product","link":"https:\/\/tzionlibreria.com\/index.php\/product\/radical-volvamos-a-las-raices-de-la-fe-david-platt\/","title":{"rendered":"Radical: Volvamos a las Raices de la fe &#8211; David Platt"},"content":{"rendered":"<p><strong>\u00bfQu\u00e9 valor tiene Jes\u00fas para ti?\u00a0<\/strong>Es f\u00e1cil para los cristianos olvidar c\u00f3mo Jes\u00fas dijo que sus seguidores vivir\u00edan realmente, c\u00f3mo ser\u00eda su nuevo estilo de vida. Dijo que dejar\u00edan atr\u00e1s la seguridad, el dinero, la comodidad e incluso la familia por \u00e9l. Dejar\u00edan todo por el evangelio, tomar\u00edan sus cruces diariamente&#8230;<\/p>\n<p>Pero,\u00a0<strong><em>\u00bfa qui\u00e9n conoces que viva as\u00ed? \u00bfLo haces t\u00fa?<br \/>\n<\/em><br \/>\n<\/strong>En<strong><em>\u00a0Radical,<\/em><\/strong>\u00a0David Platt te desaf\u00eda a considerar con el coraz\u00f3n abierto c\u00f3mo hemos manipulado el evangelio para adaptarlo a nuestras preferencias culturales. Muestra lo que Jes\u00fas dijo realmente sobre ser su disc\u00edpulo, y le invita a creer y obedecer lo que ha o\u00eddo.<\/p>\n<p>Cuenta la dram\u00e1tica historia de lo que est\u00e1 sucediendo cuando una &#8220;exitosa&#8221; iglesia suburbana decide tomarse en serio el evangelio seg\u00fan Jes\u00fas. Finalmente, le insta a unirse a El Experimento Radical &#8211; un viaje de un a\u00f1o en el discipulado aut\u00e9ntico que transformar\u00e1 su forma de vivir en un mundo que necesita desesperadamente la Buena Nueva que Jes\u00fas vino a traer.<\/p>\n<p>&nbsp;<\/p>\n<p><strong>ISBN<\/strong>: 9780789919755<br \/>\n<strong>Dimensiones<\/strong>: 132 x 208 x 13 mm<br \/>\n<strong>Peso<\/strong>: 0,249kg<br \/>\n<strong>Cubierta<\/strong>: R\u00fastica<br \/>\n<strong>Idioma<\/strong>: Espa\u00f1ol<\/p>\n","protected":false},"excerpt":{"rendered":"<p>\u00bfQu\u00e9 valor tiene Jes\u00fas para ti?\u00a0Es f\u00e1cil para los cristianos olvidar c\u00f3mo Jes\u00fas dijo que sus seguidores vivir\u00edan realmente, c\u00f3mo ser\u00eda su nuevo estilo de vida. Dijo que dejar\u00edan atr\u00e1s la seguridad, el dinero, la comodidad e incluso la familia por \u00e9l. Dejar\u00edan todo por el evangelio, tomar\u00edan sus cruces diariamente&#8230; Pero,\u00a0\u00bfa qui\u00e9n conoces que [&hellip;]<\/p>\n","protected":false},"featured_media":5265,"comment_status":"open","ping_status":"closed","template":"","meta":{"om_disable_all_campaigns":false,"_monsterinsights_skip_tracking":false,"_monsterinsights_sitenote_active":false,"_monsterinsights_sitenote_note":"","_monsterinsights_sitenote_category":0,"site-sidebar-layout":"default","site-content-layout":"","ast-site-content-layout":"default","site-content-style":"default","site-sidebar-style":"default","ast-global-header-display":"","ast-banner-title-visibility":"","ast-main-header-display":"","ast-hfb-above-header-display":"","ast-hfb-below-header-display":"","ast-hfb-mobile-header-display":"","site-post-title":"","ast-breadcrumbs-content":"","ast-featured-img":"","footer-sml-layout":"","ast-disable-related-posts":"","theme-transparent-header-meta":"default","adv-header-id-meta":"","stick-header-meta":"","header-above-stick-meta":"","header-main-stick-meta":"","header-below-stick-meta":"","astra-migrate-meta-layouts":"set","ast-page-background-enabled":"default","ast-page-background-meta":{"desktop":{"background-color":"var(--ast-global-color-4)","background-image":"","background-repeat":"repeat","background-position":"center center","background-size":"auto","background-attachment":"scroll","background-type":"","background-media":"","overlay-type":"","overlay-color":"","overlay-opacity":"","overlay-gradient":""},"tablet":{"background-color":"","background-image":"","background-repeat":"repeat","background-position":"center center","background-size":"auto","background-attachment":"scroll","background-type":"","background-media":"","overlay-type":"","overlay-color":"","overlay-opacity":"","overlay-gradient":""},"mobile":{"background-color":"","background-image":"","background-repeat":"repeat","background-position":"center center","background-size":"auto","background-attachment":"scroll","background-type":"","background-media":"","overlay-type":"","overlay-color":"","overlay-opacity":"","overlay-gradient":""}},"ast-content-background-meta":{"desktop":{"background-color":"var(--ast-global-color-5)","background-image":"","background-repeat":"repeat","background-position":"center center","background-size":"auto","background-attachment":"scroll","background-type":"","background-media":"","overlay-type":"","overlay-color":"","overlay-opacity":"","overlay-gradient":""},"tablet":{"background-color":"var(--ast-global-color-5)","background-image":"","background-repeat":"repeat","background-position":"center center","background-size":"auto","background-attachment":"scroll","background-type":"","background-media":"","overlay-type":"","overlay-color":"","overlay-opacity":"","overlay-gradient":""},"mobile":{"background-color":"var(--ast-global-color-5)","background-image":"","background-repeat":"repeat","background-position":"center center","background-size":"auto","background-attachment":"scroll","background-type":"","background-media":"","overlay-type":"","overlay-color":"","overlay-opacity":"","overlay-gradient":""}}},"product_brand":[],"product_cat":[165,169,174,173,23,175],"product_tag":[],"class_list":{"0":"post-3235","1":"product","2":"type-product","3":"status-publish","4":"has-post-thumbnail","6":"product_cat-adoracion","7":"product_cat-hombres","8":"product_cat-iglesia","9":"product_cat-jovenes","10":"product_cat-libros","11":"product_cat-liderazgo","12":"desktop-align-left","13":"tablet-align-left","14":"mobile-align-left","16":"first","17":"instock","18":"shipping-taxable","19":"purchasable","20":"product-type-simple"},"yoast_head":"<!-- This site is optimized with the Yoast SEO plugin v27.4 - https:\/\/yoast.com\/product\/yoast-seo-wordpress\/ -->\n<title>Radical: Volvamos a las Raices de la fe - David Platt - tzionlibreria.com<\/title>\n<meta name=\"description\" content=\"Te desaf\u00eda a considerar con el coraz\u00f3n abierto c\u00f3mo hemos manipulado el evangelio para adaptarlo a nuestras preferencias culturales.\" \/>\n<meta name=\"robots\" content=\"index, follow, max-snippet:-1, max-image-preview:large, max-video-preview:-1\" \/>\n<link rel=\"canonical\" href=\"https:\/\/tzionlibreria.com\/index.php\/product\/radical-volvamos-a-las-raices-de-la-fe-david-platt\/\" \/>\n<meta property=\"og:locale\" content=\"es_ES\" \/>\n<meta property=\"og:type\" content=\"article\" \/>\n<meta property=\"og:title\" content=\"Radical: Volvamos a las Raices de la fe - David Platt - tzionlibreria.com\" \/>\n<meta property=\"og:description\" content=\"Te desaf\u00eda a considerar con el coraz\u00f3n abierto c\u00f3mo hemos manipulado el evangelio para adaptarlo a nuestras preferencias culturales.\" \/>\n<meta property=\"og:url\" content=\"https:\/\/tzionlibreria.com\/index.php\/product\/radical-volvamos-a-las-raices-de-la-fe-david-platt\/\" \/>\n<meta property=\"og:site_name\" content=\"tzionlibreria.com\" \/>\n<meta property=\"article:modified_time\" content=\"2025-06-16T02:04:41+00:00\" \/>\n<meta property=\"og:image\" content=\"http:\/\/tzionlibreria.com\/wp-content\/uploads\/2024\/03\/radical.png\" \/>\n\t<meta property=\"og:image:width\" content=\"1080\" \/>\n\t<meta property=\"og:image:height\" content=\"1080\" \/>\n\t<meta property=\"og:image:type\" content=\"image\/png\" \/>\n<meta name=\"twitter:card\" content=\"summary_large_image\" \/>\n<meta name=\"twitter:label1\" content=\"Tiempo de lectura\" \/>\n\t<meta name=\"twitter:data1\" content=\"2 minutos\" \/>\n<script type=\"application\/ld+json\" class=\"yoast-schema-graph\">{\"@context\":\"https:\\\/\\\/schema.org\",\"@graph\":[{\"@type\":\"WebPage\",\"@id\":\"https:\\\/\\\/tzionlibreria.com\\\/index.php\\\/product\\\/radical-volvamos-a-las-raices-de-la-fe-david-platt\\\/\",\"url\":\"https:\\\/\\\/tzionlibreria.com\\\/index.php\\\/product\\\/radical-volvamos-a-las-raices-de-la-fe-david-platt\\\/\",\"name\":\"Radical: Volvamos a las Raices de la fe - David Platt - tzionlibreria.com\",\"isPartOf\":{\"@id\":\"https:\\\/\\\/tzionlibreria.com\\\/#website\"},\"primaryImageOfPage\":{\"@id\":\"https:\\\/\\\/tzionlibreria.com\\\/index.php\\\/product\\\/radical-volvamos-a-las-raices-de-la-fe-david-platt\\\/#primaryimage\"},\"image\":{\"@id\":\"https:\\\/\\\/tzionlibreria.com\\\/index.php\\\/product\\\/radical-volvamos-a-las-raices-de-la-fe-david-platt\\\/#primaryimage\"},\"thumbnailUrl\":\"https:\\\/\\\/tzionlibreria.com\\\/wp-content\\\/uploads\\\/2024\\\/03\\\/radical.png\",\"datePublished\":\"2024-03-18T00:43:06+00:00\",\"dateModified\":\"2025-06-16T02:04:41+00:00\",\"description\":\"Te desaf\u00eda a considerar con el coraz\u00f3n abierto c\u00f3mo hemos manipulado el evangelio para adaptarlo a nuestras preferencias culturales.\",\"breadcrumb\":{\"@id\":\"https:\\\/\\\/tzionlibreria.com\\\/index.php\\\/product\\\/radical-volvamos-a-las-raices-de-la-fe-david-platt\\\/#breadcrumb\"},\"inLanguage\":\"es-CO\",\"potentialAction\":[{\"@type\":\"ReadAction\",\"target\":[\"https:\\\/\\\/tzionlibreria.com\\\/index.php\\\/product\\\/radical-volvamos-a-las-raices-de-la-fe-david-platt\\\/\"]}]},{\"@type\":\"ImageObject\",\"inLanguage\":\"es-CO\",\"@id\":\"https:\\\/\\\/tzionlibreria.com\\\/index.php\\\/product\\\/radical-volvamos-a-las-raices-de-la-fe-david-platt\\\/#primaryimage\",\"url\":\"https:\\\/\\\/tzionlibreria.com\\\/wp-content\\\/uploads\\\/2024\\\/03\\\/radical.png\",\"contentUrl\":\"https:\\\/\\\/tzionlibreria.com\\\/wp-content\\\/uploads\\\/2024\\\/03\\\/radical.png\",\"width\":1080,\"height\":1080},{\"@type\":\"BreadcrumbList\",\"@id\":\"https:\\\/\\\/tzionlibreria.com\\\/index.php\\\/product\\\/radical-volvamos-a-las-raices-de-la-fe-david-platt\\\/#breadcrumb\",\"itemListElement\":[{\"@type\":\"ListItem\",\"position\":1,\"name\":\"Inicio\",\"item\":\"https:\\\/\\\/tzionlibreria.com\\\/\"},{\"@type\":\"ListItem\",\"position\":2,\"name\":\"Shop\",\"item\":\"https:\\\/\\\/tzionlibreria.com\\\/index.php\\\/shop\\\/\"},{\"@type\":\"ListItem\",\"position\":3,\"name\":\"Radical: Volvamos a las Raices de la fe &#8211; David Platt\"}]},{\"@type\":\"WebSite\",\"@id\":\"https:\\\/\\\/tzionlibreria.com\\\/#website\",\"url\":\"https:\\\/\\\/tzionlibreria.com\\\/\",\"name\":\"tzionlibreria.com\",\"description\":\"Libreria Cristiana Venezuela\",\"publisher\":{\"@id\":\"https:\\\/\\\/tzionlibreria.com\\\/#organization\"},\"potentialAction\":[{\"@type\":\"SearchAction\",\"target\":{\"@type\":\"EntryPoint\",\"urlTemplate\":\"https:\\\/\\\/tzionlibreria.com\\\/?s={search_term_string}\"},\"query-input\":{\"@type\":\"PropertyValueSpecification\",\"valueRequired\":true,\"valueName\":\"search_term_string\"}}],\"inLanguage\":\"es-CO\"},{\"@type\":\"Organization\",\"@id\":\"https:\\\/\\\/tzionlibreria.com\\\/#organization\",\"name\":\"tzionlibreria.com\",\"url\":\"https:\\\/\\\/tzionlibreria.com\\\/\",\"logo\":{\"@type\":\"ImageObject\",\"inLanguage\":\"es-CO\",\"@id\":\"https:\\\/\\\/tzionlibreria.com\\\/#\\\/schema\\\/logo\\\/image\\\/\",\"url\":\"https:\\\/\\\/tzionlibreria.com\\\/wp-content\\\/uploads\\\/2023\\\/10\\\/cropped-Cuadricula-scaled-1.jpg\",\"contentUrl\":\"https:\\\/\\\/tzionlibreria.com\\\/wp-content\\\/uploads\\\/2023\\\/10\\\/cropped-Cuadricula-scaled-1.jpg\",\"width\":2560,\"height\":2560,\"caption\":\"tzionlibreria.com\"},\"image\":{\"@id\":\"https:\\\/\\\/tzionlibreria.com\\\/#\\\/schema\\\/logo\\\/image\\\/\"}}]}<\/script>\n<!-- \/ Yoast SEO plugin. -->","yoast_head_json":{"title":"Radical: Volvamos a las Raices de la fe - David Platt - tzionlibreria.com","description":"Te desaf\u00eda a considerar con el coraz\u00f3n abierto c\u00f3mo hemos manipulado el evangelio para adaptarlo a nuestras preferencias culturales.","robots":{"index":"index","follow":"follow","max-snippet":"max-snippet:-1","max-image-preview":"max-image-preview:large","max-video-preview":"max-video-preview:-1"},"canonical":"https:\/\/tzionlibreria.com\/index.php\/product\/radical-volvamos-a-las-raices-de-la-fe-david-platt\/","og_locale":"es_ES","og_type":"article","og_title":"Radical: Volvamos a las Raices de la fe - David Platt - tzionlibreria.com","og_description":"Te desaf\u00eda a considerar con el coraz\u00f3n abierto c\u00f3mo hemos manipulado el evangelio para adaptarlo a nuestras preferencias culturales.","og_url":"https:\/\/tzionlibreria.com\/index.php\/product\/radical-volvamos-a-las-raices-de-la-fe-david-platt\/","og_site_name":"tzionlibreria.com","article_modified_time":"2025-06-16T02:04:41+00:00","og_image":[{"width":1080,"height":1080,"url":"http:\/\/tzionlibreria.com\/wp-content\/uploads\/2024\/03\/radical.png","type":"image\/png"}],"twitter_card":"summary_large_image","twitter_misc":{"Tiempo de lectura":"2 minutos"},"schema":{"@context":"https:\/\/schema.org","@graph":[{"@type":"WebPage","@id":"https:\/\/tzionlibreria.com\/index.php\/product\/radical-volvamos-a-las-raices-de-la-fe-david-platt\/","url":"https:\/\/tzionlibreria.com\/index.php\/product\/radical-volvamos-a-las-raices-de-la-fe-david-platt\/","name":"Radical: Volvamos a las Raices de la fe - David Platt - tzionlibreria.com","isPartOf":{"@id":"https:\/\/tzionlibreria.com\/#website"},"primaryImageOfPage":{"@id":"https:\/\/tzionlibreria.com\/index.php\/product\/radical-volvamos-a-las-raices-de-la-fe-david-platt\/#primaryimage"},"image":{"@id":"https:\/\/tzionlibreria.com\/index.php\/product\/radical-volvamos-a-las-raices-de-la-fe-david-platt\/#primaryimage"},"thumbnailUrl":"https:\/\/tzionlibreria.com\/wp-content\/uploads\/2024\/03\/radical.png","datePublished":"2024-03-18T00:43:06+00:00","dateModified":"2025-06-16T02:04:41+00:00","description":"Te desaf\u00eda a considerar con el coraz\u00f3n abierto c\u00f3mo hemos manipulado el evangelio para adaptarlo a nuestras preferencias culturales.","breadcrumb":{"@id":"https:\/\/tzionlibreria.com\/index.php\/product\/radical-volvamos-a-las-raices-de-la-fe-david-platt\/#breadcrumb"},"inLanguage":"es-CO","potentialAction":[{"@type":"ReadAction","target":["https:\/\/tzionlibreria.com\/index.php\/product\/radical-volvamos-a-las-raices-de-la-fe-david-platt\/"]}]},{"@type":"ImageObject","inLanguage":"es-CO","@id":"https:\/\/tzionlibreria.com\/index.php\/product\/radical-volvamos-a-las-raices-de-la-fe-david-platt\/#primaryimage","url":"https:\/\/tzionlibreria.com\/wp-content\/uploads\/2024\/03\/radical.png","contentUrl":"https:\/\/tzionlibreria.com\/wp-content\/uploads\/2024\/03\/radical.png","width":1080,"height":1080},{"@type":"BreadcrumbList","@id":"https:\/\/tzionlibreria.com\/index.php\/product\/radical-volvamos-a-las-raices-de-la-fe-david-platt\/#breadcrumb","itemListElement":[{"@type":"ListItem","position":1,"name":"Inicio","item":"https:\/\/tzionlibreria.com\/"},{"@type":"ListItem","position":2,"name":"Shop","item":"https:\/\/tzionlibreria.com\/index.php\/shop\/"},{"@type":"ListItem","position":3,"name":"Radical: Volvamos a las Raices de la fe &#8211; David Platt"}]},{"@type":"WebSite","@id":"https:\/\/tzionlibreria.com\/#website","url":"https:\/\/tzionlibreria.com\/","name":"tzionlibreria.com","description":"Libreria Cristiana Venezuela","publisher":{"@id":"https:\/\/tzionlibreria.com\/#organization"},"potentialAction":[{"@type":"SearchAction","target":{"@type":"EntryPoint","urlTemplate":"https:\/\/tzionlibreria.com\/?s={search_term_string}"},"query-input":{"@type":"PropertyValueSpecification","valueRequired":true,"valueName":"search_term_string"}}],"inLanguage":"es-CO"},{"@type":"Organization","@id":"https:\/\/tzionlibreria.com\/#organization","name":"tzionlibreria.com","url":"https:\/\/tzionlibreria.com\/","logo":{"@type":"ImageObject","inLanguage":"es-CO","@id":"https:\/\/tzionlibreria.com\/#\/schema\/logo\/image\/","url":"https:\/\/tzionlibreria.com\/wp-content\/uploads\/2023\/10\/cropped-Cuadricula-scaled-1.jpg","contentUrl":"https:\/\/tzionlibreria.com\/wp-content\/uploads\/2023\/10\/cropped-Cuadricula-scaled-1.jpg","width":2560,"height":2560,"caption":"tzionlibreria.com"},"image":{"@id":"https:\/\/tzionlibreria.com\/#\/schema\/logo\/image\/"}}]}},"jetpack_sharing_enabled":true,"_links":{"self":[{"href":"https:\/\/tzionlibreria.com\/index.php\/wp-json\/wp\/v2\/product\/3235","targetHints":{"allow":["GET"]}}],"collection":[{"href":"https:\/\/tzionlibreria.com\/index.php\/wp-json\/wp\/v2\/product"}],"about":[{"href":"https:\/\/tzionlibreria.com\/index.php\/wp-json\/wp\/v2\/types\/product"}],"replies":[{"embeddable":true,"href":"https:\/\/tzionlibreria.com\/index.php\/wp-json\/wp\/v2\/comments?post=3235"}],"wp:featuredmedia":[{"embeddable":true,"href":"https:\/\/tzionlibreria.com\/index.php\/wp-json\/wp\/v2\/media\/5265"}],"wp:attachment":[{"href":"https:\/\/tzionlibreria.com\/index.php\/wp-json\/wp\/v2\/media?parent=3235"}],"wp:term":[{"taxonomy":"product_brand","embeddable":true,"href":"https:\/\/tzionlibreria.com\/index.php\/wp-json\/wp\/v2\/product_brand?post=3235"},{"taxonomy":"product_cat","embeddable":true,"href":"https:\/\/tzionlibreria.com\/index.php\/wp-json\/wp\/v2\/product_cat?post=3235"},{"taxonomy":"product_tag","embeddable":true,"href":"https:\/\/tzionlibreria.com\/index.php\/wp-json\/wp\/v2\/product_tag?post=3235"}],"curies":[{"name":"wp","href":"https:\/\/api.w.org\/{rel}","templated":true}]}}